{"id":910,"date":"2022-02-11T09:22:10","date_gmt":"2022-02-11T09:22:10","guid":{"rendered":"https:\/\/eeefc.eu\/?page_id=910"},"modified":"2022-03-05T23:36:22","modified_gmt":"2022-03-05T23:36:22","slug":"uutiset","status":"publish","type":"page","link":"https:\/\/eeefc.eu\/fi\/uutiset\/","title":{"rendered":"Uutiset"},"content":{"rendered":"<div class=\"wp-block-group\"><div class=\"wp-block-group__inner-container is-layout-flow wp-block-group-is-layout-flow\"><div id=\"pl-gb910-69ee746888a3a\"  class=\"panel-layout\" ><div id=\"pg-gb910-69ee746888a3a-0\"  class=\"panel-grid panel-no-style\" ><div id=\"pgc-gb910-69ee746888a3a-0-0\"  class=\"panel-grid-cell\" ><div id=\"panel-gb910-69ee746888a3a-0-0-0\" class=\"so-panel widget widget_themegrill_flash_heading tg-widget section-title-wrapper panel-first-child\" data-index=\"0\" >\t<h3 class=\"section-title\">KAIKKI UUTISET<\/h3>\n<\/div><div id=\"panel-gb910-69ee746888a3a-0-0-1\" class=\"so-panel widget widget_themegrill_flash_blog tg-widget blog-section panel-last-child\" data-index=\"1\" >\n<div class=\"blog-wrapper tg-column-wrapper tg-blog-widget-layout-1\">\n\t\t\t<div class=\"row\">\n\t\t<div class=\"tg-blog-widget tg-column-2\">\n\t\t\t\t<div class=\"post-image image-none\">\n\t\t\t\t\t<\/div>\n\t\t<div class=\"blog-content\">\n\t\t\t<h3 class=\"entry-title\"><a href=\"https:\/\/eeefc.eu\/fi\/2024\/10\/27\/resurssit-eeefcom-hanke-2\/\">Resurssit EEEFCom-hanke<\/a><\/h3>\n\t\t\t\t\t\t<div class=\"entry-meta\">\n\t\t\t\t<span class=\"entry-date\">\n\t\t\t\t\t<i class=\"fa fa-clock-o\"><\/i><a href=\"https:\/\/eeefc.eu\/fi\/2024\/10\/27\/resurssit-eeefcom-hanke-2\/\" rel=\"bookmark\">27. lokakuuta 2024<\/a>\n\t\t\t\t<\/span>\n\t\t\t\t<span class=\"entry-author\">\n\t\t\t\t\t<i class=\"fa fa-user\"><\/i><a class=\"url fn n\" href=\"https:\/\/eeefc.eu\/fi\/author\/eeefc\/\">eeefc<\/a>\n\t\t\t\t<\/span>\n\t\t\t<\/div>\n\t\t\t\t\t\t<div class=\"entry-summary\">\n\t\t\t\t<p>L\u00f6yd\u00e4t lis\u00e4\u00e4 resursseja kerrannaistapahtumista t\u00e4\u00e4lt\u00e4: https:\/\/eeefc.eu\/resources-documents\/ Lue ja kuuntele verkkotapahtumistamme.<\/p>\n\t\t\t<\/div>\n\t\t\t\t\t<\/div>\n\t<\/div>\n\t\t<div class=\"tg-blog-widget tg-column-2\">\n\t\t\t\t<div class=\"post-image\">\n\t\t\t<figure><a href=\"https:\/\/eeefc.eu\/fi\/2024\/10\/27\/dioja-eeefcom-symposiumista-emansipatorisen-koulutuksen-voima-henkilokohtaisessa-ja-sosiaalisessa-toipumisessa\/\" title=\"EEEFCom-symposiumin diat: Emansipatorisen kasvatuksen voima henkil\u00f6kohtaisessa ja sosiaalisessa toipumisessa\"><img loading=\"lazy\" decoding=\"async\" width=\"300\" height=\"300\" src=\"https:\/\/eeefc.eu\/wp-content\/uploads\/2024\/10\/file-300x300.jpg\" class=\"attachment-flash-square size-flash-square wp-post-image\" alt=\"\" srcset=\"https:\/\/eeefc.eu\/wp-content\/uploads\/2024\/10\/file-300x300.jpg 300w, https:\/\/eeefc.eu\/wp-content\/uploads\/2024\/10\/file-150x150.jpg 150w\" sizes=\"auto, (max-width: 300px) 100vw, 300px\" \/><\/a><\/figure>\t\t<\/div>\n\t\t<div class=\"blog-content\">\n\t\t\t<h3 class=\"entry-title\"><a href=\"https:\/\/eeefc.eu\/fi\/2024\/10\/27\/dioja-eeefcom-symposiumista-emansipatorisen-koulutuksen-voima-henkilokohtaisessa-ja-sosiaalisessa-toipumisessa\/\">EEEFCom-symposiumin diat: Emansipatorisen kasvatuksen voima henkil\u00f6kohtaisessa ja sosiaalisessa toipumisessa<\/a><\/h3>\n\t\t\t\t\t\t<div class=\"entry-meta\">\n\t\t\t\t<span class=\"entry-date\">\n\t\t\t\t\t<i class=\"fa fa-clock-o\"><\/i><a href=\"https:\/\/eeefc.eu\/fi\/2024\/10\/27\/dioja-eeefcom-symposiumista-emansipatorisen-koulutuksen-voima-henkilokohtaisessa-ja-sosiaalisessa-toipumisessa\/\" rel=\"bookmark\">27. lokakuuta 2024<\/a>\n\t\t\t\t<\/span>\n\t\t\t\t<span class=\"entry-author\">\n\t\t\t\t\t<i class=\"fa fa-user\"><\/i><a class=\"url fn n\" href=\"https:\/\/eeefc.eu\/fi\/author\/eeefc\/\">eeefc<\/a>\n\t\t\t\t<\/span>\n\t\t\t<\/div>\n\t\t\t\t\t\t<div class=\"entry-summary\">\n\t\t\t\t<p>&nbsp; Ohessa on EEEFCom-symposiumin diat: [...]<\/p>\n\t\t\t<\/div>\n\t\t\t\t\t<\/div>\n\t<\/div>\n\t\t<\/div>\n\t\t\t<div class=\"row\">\n\t\t<div class=\"tg-blog-widget tg-column-2\">\n\t\t\t\t<div class=\"post-image\">\n\t\t\t<figure><a href=\"https:\/\/eeefc.eu\/fi\/2024\/09\/28\/eeefcom-symposium-emansipatorisen-koulutuksen-voima-henkilokohtaisessa-ja-sosiaalisessa-toipumisessa-18-lokakuuta-2024\/\" title=\"EEEFCom-symposium: Emansipatorisen koulutuksen voima henkil\u00f6kohtaisessa ja sosiaalisessa toipumisessa - 18. lokakuuta 2024.\"><img loading=\"lazy\" decoding=\"async\" width=\"300\" height=\"300\" src=\"https:\/\/eeefc.eu\/wp-content\/uploads\/2024\/09\/Screenshot-2024-09-28-at-15-34-28-Invitation-ME_Dublin_-18-10-2024.docx-Invitation-Dublin-18-10-2024-300x300.jpg\" class=\"attachment-flash-square size-flash-square wp-post-image\" alt=\"\" srcset=\"https:\/\/eeefc.eu\/wp-content\/uploads\/2024\/09\/Screenshot-2024-09-28-at-15-34-28-Invitation-ME_Dublin_-18-10-2024.docx-Invitation-Dublin-18-10-2024-300x300.jpg 300w, https:\/\/eeefc.eu\/wp-content\/uploads\/2024\/09\/Screenshot-2024-09-28-at-15-34-28-Invitation-ME_Dublin_-18-10-2024.docx-Invitation-Dublin-18-10-2024-150x150.jpg 150w\" sizes=\"auto, (max-width: 300px) 100vw, 300px\" \/><\/a><\/figure>\t\t<\/div>\n\t\t<div class=\"blog-content\">\n\t\t\t<h3 class=\"entry-title\"><a href=\"https:\/\/eeefc.eu\/fi\/2024\/09\/28\/eeefcom-symposium-emansipatorisen-koulutuksen-voima-henkilokohtaisessa-ja-sosiaalisessa-toipumisessa-18-lokakuuta-2024\/\">EEEFCom-symposium: Emansipatorisen koulutuksen voima henkil\u00f6kohtaisessa ja sosiaalisessa toipumisessa - 18. lokakuuta 2024.<\/a><\/h3>\n\t\t\t\t\t\t<div class=\"entry-meta\">\n\t\t\t\t<span class=\"entry-date\">\n\t\t\t\t\t<i class=\"fa fa-clock-o\"><\/i><a href=\"https:\/\/eeefc.eu\/fi\/2024\/09\/28\/eeefcom-symposium-emansipatorisen-koulutuksen-voima-henkilokohtaisessa-ja-sosiaalisessa-toipumisessa-18-lokakuuta-2024\/\" rel=\"bookmark\">28 syyskuu 2024<\/a>\n\t\t\t\t<\/span>\n\t\t\t\t<span class=\"entry-author\">\n\t\t\t\t\t<i class=\"fa fa-user\"><\/i><a class=\"url fn n\" href=\"https:\/\/eeefc.eu\/fi\/author\/eeefc\/\">eeefc<\/a>\n\t\t\t\t<\/span>\n\t\t\t<\/div>\n\t\t\t\t\t\t<div class=\"entry-summary\">\n\t\t\t\t<p>EEEFCom-symposium: lokakuuta 2024 Hyv\u00e4t kollegat ja yst\u00e4v\u00e4t, [...]<\/p>\n\t\t\t<\/div>\n\t\t\t\t\t<\/div>\n\t<\/div>\n\t\t<div class=\"tg-blog-widget tg-column-2\">\n\t\t\t\t<div class=\"post-image\">\n\t\t\t<figure><a href=\"https:\/\/eeefc.eu\/fi\/2024\/09\/25\/eeefcom-edinburgh-syyskuu-2024\/\" title=\"Skotlantilainen kerroin Edinburghissa EEEFCom Good Practice Guidelines (Hyv\u00e4n k\u00e4yt\u00e4nn\u00f6n ohjeet)\"><img loading=\"lazy\" decoding=\"async\" width=\"300\" height=\"300\" src=\"https:\/\/eeefc.eu\/wp-content\/uploads\/2024\/09\/Edinburgh-300x300.jpg\" class=\"attachment-flash-square size-flash-square wp-post-image\" alt=\"\" srcset=\"https:\/\/eeefc.eu\/wp-content\/uploads\/2024\/09\/Edinburgh-300x300.jpg 300w, https:\/\/eeefc.eu\/wp-content\/uploads\/2024\/09\/Edinburgh-150x150.jpg 150w\" sizes=\"auto, (max-width: 300px) 100vw, 300px\" \/><\/a><\/figure>\t\t<\/div>\n\t\t<div class=\"blog-content\">\n\t\t\t<h3 class=\"entry-title\"><a href=\"https:\/\/eeefc.eu\/fi\/2024\/09\/25\/eeefcom-edinburgh-syyskuu-2024\/\">Skotlantilainen kerroin Edinburghissa EEEFCom Good Practice Guidelines (Hyv\u00e4n k\u00e4yt\u00e4nn\u00f6n ohjeet)<\/a><\/h3>\n\t\t\t\t\t\t<div class=\"entry-meta\">\n\t\t\t\t<span class=\"entry-date\">\n\t\t\t\t\t<i class=\"fa fa-clock-o\"><\/i><a href=\"https:\/\/eeefc.eu\/fi\/2024\/09\/25\/eeefcom-edinburgh-syyskuu-2024\/\" rel=\"bookmark\">25. syyskuuta 2024<\/a>\n\t\t\t\t<\/span>\n\t\t\t\t<span class=\"entry-author\">\n\t\t\t\t\t<i class=\"fa fa-user\"><\/i><a class=\"url fn n\" href=\"https:\/\/eeefc.eu\/fi\/author\/eeefc\/\">eeefc<\/a>\n\t\t\t\t<\/span>\n\t\t\t<\/div>\n\t\t\t\t\t\t<div class=\"entry-summary\">\n\t\t\t\t<p>&nbsp; Syyskuun 20. p\u00e4iv\u00e4n\u00e4 2024-hankkeen j\u00e4senet kokoontuivat Edinburgissa isomman ryhm\u00e4n kanssa edist\u00e4\u00e4kseen hyv\u00e4n [...]<\/p>\n\t\t\t<\/div>\n\t\t\t\t\t<\/div>\n\t<\/div>\n\t\t<\/div>\n\t\t\t<div class=\"row\">\n\t\t<div class=\"tg-blog-widget tg-column-2\">\n\t\t\t\t<div class=\"post-image\">\n\t\t\t<figure><a href=\"https:\/\/eeefc.eu\/fi\/2024\/09\/25\/newspoland\/\" title=\"EEEFCom Krakovassa Euroopan mielenterveyskonferenssissa syyskuussa 2024.\"><img loading=\"lazy\" decoding=\"async\" width=\"300\" height=\"300\" src=\"https:\/\/eeefc.eu\/wp-content\/uploads\/2024\/09\/PolandECMH2-300x300.jpg\" class=\"attachment-flash-square size-flash-square wp-post-image\" alt=\"\" srcset=\"https:\/\/eeefc.eu\/wp-content\/uploads\/2024\/09\/PolandECMH2-300x300.jpg 300w, https:\/\/eeefc.eu\/wp-content\/uploads\/2024\/09\/PolandECMH2-150x150.jpg 150w\" sizes=\"auto, (max-width: 300px) 100vw, 300px\" \/><\/a><\/figure>\t\t<\/div>\n\t\t<div class=\"blog-content\">\n\t\t\t<h3 class=\"entry-title\"><a href=\"https:\/\/eeefc.eu\/fi\/2024\/09\/25\/newspoland\/\">EEEFCom Krakovassa Euroopan mielenterveyskonferenssissa syyskuussa 2024.<\/a><\/h3>\n\t\t\t\t\t\t<div class=\"entry-meta\">\n\t\t\t\t<span class=\"entry-date\">\n\t\t\t\t\t<i class=\"fa fa-clock-o\"><\/i><a href=\"https:\/\/eeefc.eu\/fi\/2024\/09\/25\/newspoland\/\" rel=\"bookmark\">25. syyskuuta 2024<\/a>\n\t\t\t\t<\/span>\n\t\t\t\t<span class=\"entry-author\">\n\t\t\t\t\t<i class=\"fa fa-user\"><\/i><a class=\"url fn n\" href=\"https:\/\/eeefc.eu\/fi\/author\/eeefc\/\">eeefc<\/a>\n\t\t\t\t<\/span>\n\t\t\t<\/div>\n\t\t\t\t\t\t<div class=\"entry-summary\">\n\t\t\t\t<p>&nbsp; Meill\u00e4 oli ilo olla l\u00e4sn\u00e4 ja pit\u00e4\u00e4 ty\u00f6paja 12. Euroopan mielenterveyskonferenssissa [...].<\/p>\n\t\t\t<\/div>\n\t\t\t\t\t<\/div>\n\t<\/div>\n\t\t<div class=\"tg-blog-widget tg-column-2\">\n\t\t\t\t<div class=\"post-image\">\n\t\t\t<figure><a href=\"https:\/\/eeefc.eu\/fi\/2024\/07\/01\/resurssit-eeefcom-hanke\/\" title=\"Resurssit EEEFCom-hanke\"><img loading=\"lazy\" decoding=\"async\" width=\"300\" height=\"300\" src=\"https:\/\/eeefc.eu\/wp-content\/uploads\/2024\/07\/GREtwaKXkAAtS1h-300x300.jpg\" class=\"attachment-flash-square size-flash-square wp-post-image\" alt=\"\" srcset=\"https:\/\/eeefc.eu\/wp-content\/uploads\/2024\/07\/GREtwaKXkAAtS1h-300x300.jpg 300w, https:\/\/eeefc.eu\/wp-content\/uploads\/2024\/07\/GREtwaKXkAAtS1h-150x150.jpg 150w\" sizes=\"auto, (max-width: 300px) 100vw, 300px\" \/><\/a><\/figure>\t\t<\/div>\n\t\t<div class=\"blog-content\">\n\t\t\t<h3 class=\"entry-title\"><a href=\"https:\/\/eeefc.eu\/fi\/2024\/07\/01\/resurssit-eeefcom-hanke\/\">Resurssit EEEFCom-hanke<\/a><\/h3>\n\t\t\t\t\t\t<div class=\"entry-meta\">\n\t\t\t\t<span class=\"entry-date\">\n\t\t\t\t\t<i class=\"fa fa-clock-o\"><\/i><a href=\"https:\/\/eeefc.eu\/fi\/2024\/07\/01\/resurssit-eeefcom-hanke\/\" rel=\"bookmark\">1 de hein\u00e4kuu de 2024<\/a>\n\t\t\t\t<\/span>\n\t\t\t\t<span class=\"entry-author\">\n\t\t\t\t\t<i class=\"fa fa-user\"><\/i><a class=\"url fn n\" href=\"https:\/\/eeefc.eu\/fi\/author\/eeefc\/\">eeefc<\/a>\n\t\t\t\t<\/span>\n\t\t\t<\/div>\n\t\t\t\t\t\t<div class=\"entry-summary\">\n\t\t\t\t<p>Lue ja kuuntele verkossa j\u00e4rjestett\u00e4vi\u00e4 kerrontatapahtumiamme t\u00e4\u00e4ll\u00e4: https:\/\/eeefc.eu\/resources-documents\/ L\u00f6yd\u00e4 meid\u00e4t: X facebook &nbsp; &nbsp; &nbsp;<\/p>\n\t\t\t<\/div>\n\t\t\t\t\t<\/div>\n\t<\/div>\n\t\t<\/div>\n\t\t\t<div class=\"row\">\n\t\t<div class=\"tg-blog-widget tg-column-2\">\n\t\t\t\t<div class=\"post-image\">\n\t\t\t<figure><a href=\"https:\/\/eeefc.eu\/fi\/2024\/06\/11\/eeefcom-verkkoseminaari\/\" title=\"EEEFCom-verkkoseminaari II: Koulutuksen ty\u00f6kalupakin esittely\"><img loading=\"lazy\" decoding=\"async\" width=\"300\" height=\"300\" src=\"https:\/\/eeefc.eu\/wp-content\/uploads\/2024\/06\/INVITE-MULTIPLIER-300x300.gif\" class=\"attachment-flash-square size-flash-square wp-post-image\" alt=\"\" srcset=\"https:\/\/eeefc.eu\/wp-content\/uploads\/2024\/06\/INVITE-MULTIPLIER-300x300.gif 300w, https:\/\/eeefc.eu\/wp-content\/uploads\/2024\/06\/INVITE-MULTIPLIER-150x150.gif 150w\" sizes=\"auto, (max-width: 300px) 100vw, 300px\" \/><\/a><\/figure>\t\t<\/div>\n\t\t<div class=\"blog-content\">\n\t\t\t<h3 class=\"entry-title\"><a href=\"https:\/\/eeefc.eu\/fi\/2024\/06\/11\/eeefcom-verkkoseminaari\/\">EEEFCom-verkkoseminaari II: Koulutuksen ty\u00f6kalupakin esittely<\/a><\/h3>\n\t\t\t\t\t\t<div class=\"entry-meta\">\n\t\t\t\t<span class=\"entry-date\">\n\t\t\t\t\t<i class=\"fa fa-clock-o\"><\/i><a href=\"https:\/\/eeefc.eu\/fi\/2024\/06\/11\/eeefcom-verkkoseminaari\/\" rel=\"bookmark\">11 kes\u00e4kuu 2024<\/a>\n\t\t\t\t<\/span>\n\t\t\t\t<span class=\"entry-author\">\n\t\t\t\t\t<i class=\"fa fa-user\"><\/i><a class=\"url fn n\" href=\"https:\/\/eeefc.eu\/fi\/author\/eeefc\/\">eeefc<\/a>\n\t\t\t\t<\/span>\n\t\t\t<\/div>\n\t\t\t\t\t\t<div class=\"entry-summary\">\n\t\t\t\t<p>&nbsp; Hyv\u00e4t kollegat ja yst\u00e4v\u00e4t, Liittyk\u00e4\u00e4 meihin toiseen informatiiviseen verkkotapahtumaan JUIN 27th klo 12h - 13h30 [...]<\/p>\n\t\t\t<\/div>\n\t\t\t\t\t<\/div>\n\t<\/div>\n\t\t<div class=\"tg-blog-widget tg-column-2\">\n\t\t\t\t<div class=\"post-image\">\n\t\t\t<figure><a href=\"https:\/\/eeefc.eu\/fi\/2024\/05\/07\/flyer\/\" title=\"EEEFCom Webinaari\"><img loading=\"lazy\" decoding=\"async\" width=\"300\" height=\"300\" src=\"https:\/\/eeefc.eu\/wp-content\/uploads\/2024\/05\/LjubljanaPosterandpeople-300x300.jpg\" class=\"attachment-flash-square size-flash-square wp-post-image\" alt=\"tutkimusjuliste\" srcset=\"https:\/\/eeefc.eu\/wp-content\/uploads\/2024\/05\/LjubljanaPosterandpeople-300x300.jpg 300w, https:\/\/eeefc.eu\/wp-content\/uploads\/2024\/05\/LjubljanaPosterandpeople-150x150.jpg 150w\" sizes=\"auto, (max-width: 300px) 100vw, 300px\" \/><\/a><\/figure>\t\t<\/div>\n\t\t<div class=\"blog-content\">\n\t\t\t<h3 class=\"entry-title\"><a href=\"https:\/\/eeefc.eu\/fi\/2024\/05\/07\/flyer\/\">EEEFCom Webinaari<\/a><\/h3>\n\t\t\t\t\t\t<div class=\"entry-meta\">\n\t\t\t\t<span class=\"entry-date\">\n\t\t\t\t\t<i class=\"fa fa-clock-o\"><\/i><a href=\"https:\/\/eeefc.eu\/fi\/2024\/05\/07\/flyer\/\" rel=\"bookmark\">7 toukokuu 2024<\/a>\n\t\t\t\t<\/span>\n\t\t\t\t<span class=\"entry-author\">\n\t\t\t\t\t<i class=\"fa fa-user\"><\/i><a class=\"url fn n\" href=\"https:\/\/eeefc.eu\/fi\/author\/eeefc\/\">eeefc<\/a>\n\t\t\t\t<\/span>\n\t\t\t<\/div>\n\t\t\t\t\t\t<div class=\"entry-summary\">\n\t\t\t\t<p>\"Yhteis\u00f6n vahvistaminen toipumiskoulutuksen avulla - Tutustu EEEFCom-hankkeen ensimm\u00e4isiin tuloksiin!\" Tutkimustulosten esittely [...]<\/p>\n\t\t\t<\/div>\n\t\t\t\t\t<\/div>\n\t<\/div>\n\t\t<\/div>\n\t\t\t<div class=\"row\">\n\t\t<div class=\"tg-blog-widget tg-column-2\">\n\t\t\t\t<div class=\"post-image\">\n\t\t\t<figure><a href=\"https:\/\/eeefc.eu\/fi\/2022\/04\/08\/eeefcom\/\" title=\"EEEFCom\"><img loading=\"lazy\" decoding=\"async\" width=\"300\" height=\"300\" src=\"https:\/\/eeefc.eu\/wp-content\/uploads\/2022\/04\/eeefc-300x300.png\" class=\"attachment-flash-square size-flash-square wp-post-image\" alt=\"\" srcset=\"https:\/\/eeefc.eu\/wp-content\/uploads\/2022\/04\/eeefc-300x300.png 300w, https:\/\/eeefc.eu\/wp-content\/uploads\/2022\/04\/eeefc-150x150.png 150w\" sizes=\"auto, (max-width: 300px) 100vw, 300px\" \/><\/a><\/figure>\t\t<\/div>\n\t\t<div class=\"blog-content\">\n\t\t\t<h3 class=\"entry-title\"><a href=\"https:\/\/eeefc.eu\/fi\/2022\/04\/08\/eeefcom\/\">EEEFCom<\/a><\/h3>\n\t\t\t\t\t\t<div class=\"entry-meta\">\n\t\t\t\t<span class=\"entry-date\">\n\t\t\t\t\t<i class=\"fa fa-clock-o\"><\/i><a href=\"https:\/\/eeefc.eu\/fi\/2022\/04\/08\/eeefcom\/\" rel=\"bookmark\">8 de huhtikuu de 2022<\/a>\n\t\t\t\t<\/span>\n\t\t\t\t<span class=\"entry-author\">\n\t\t\t\t\t<i class=\"fa fa-user\"><\/i><a class=\"url fn n\" href=\"https:\/\/eeefc.eu\/fi\/author\/eeefc\/\">eeefc<\/a>\n\t\t\t\t<\/span>\n\t\t\t<\/div>\n\t\t\t\t\t\t<div class=\"entry-summary\">\n\t\t\t\t<p>@EEEFCom-hanke on @EUErasmusPlus-rahoitteinen hanke, jonka tarkoituksena on luoda emansipatorinen koulutusj\u00e4rjestelm\u00e4 yhteis\u00f6ihin syrj\u00e4ytyneille ja syrj\u00e4ytyneille ihmisille, koska [...]<\/p>\n\t\t\t<\/div>\n\t\t\t\t\t<\/div>\n\t<\/div>\n\t\t<div class=\"tg-blog-widget tg-column-2\">\n\t\t\t\t<div class=\"post-image\">\n\t\t\t<figure><a href=\"https:\/\/eeefc.eu\/fi\/2022\/04\/08\/projektikokous-tanaan\/\" title=\"Projektikokous t\u00e4n\u00e4\u00e4n\"><img loading=\"lazy\" decoding=\"async\" width=\"300\" height=\"300\" src=\"https:\/\/eeefc.eu\/wp-content\/uploads\/2022\/04\/Project_Meeting_Today-300x300.jpg\" class=\"attachment-flash-square size-flash-square wp-post-image\" alt=\"\" srcset=\"https:\/\/eeefc.eu\/wp-content\/uploads\/2022\/04\/Project_Meeting_Today-300x300.jpg 300w, https:\/\/eeefc.eu\/wp-content\/uploads\/2022\/04\/Project_Meeting_Today-150x150.jpg 150w\" sizes=\"auto, (max-width: 300px) 100vw, 300px\" \/><\/a><\/figure>\t\t<\/div>\n\t\t<div class=\"blog-content\">\n\t\t\t<h3 class=\"entry-title\"><a href=\"https:\/\/eeefc.eu\/fi\/2022\/04\/08\/projektikokous-tanaan\/\">Projektikokous t\u00e4n\u00e4\u00e4n<\/a><\/h3>\n\t\t\t\t\t\t<div class=\"entry-meta\">\n\t\t\t\t<span class=\"entry-date\">\n\t\t\t\t\t<i class=\"fa fa-clock-o\"><\/i><a href=\"https:\/\/eeefc.eu\/fi\/2022\/04\/08\/projektikokous-tanaan\/\" rel=\"bookmark\">8 de huhtikuu de 2022<\/a>\n\t\t\t\t<\/span>\n\t\t\t\t<span class=\"entry-author\">\n\t\t\t\t\t<i class=\"fa fa-user\"><\/i><a class=\"url fn n\" href=\"https:\/\/eeefc.eu\/fi\/author\/eeefc\/\">eeefc<\/a>\n\t\t\t\t<\/span>\n\t\t\t<\/div>\n\t\t\t\t\t\t<div class=\"entry-summary\">\n\t\t\t\t<p>Projektikokous t\u00e4n\u00e4\u00e4n - mik\u00e4 ihana joukko ihmisi\u00e4. T\u00e4ll\u00e4 hetkell\u00e4 tapahtuu paljon suunnittelua @EUErasmusPlus. pic.twitter.com\/VvAEldGMLN - [...]<\/p>\n\t\t\t<\/div>\n\t\t\t\t\t<\/div>\n\t<\/div>\n\t\t<\/div>\n\t\t\t<div class=\"row\">\n\t\t<div class=\"tg-blog-widget tg-column-2\">\n\t\t\t\t<div class=\"post-image\">\n\t\t\t<figure><a href=\"https:\/\/eeefc.eu\/fi\/2022\/04\/08\/tanaan-torstaina-7-huhtikuuta-2022-on-maailman-terveyspaiva\/\" title=\"T\u00e4n\u00e4\u00e4n torstaina 7. huhtikuuta 2022 on WHO:n maailman terveysp\u00e4iv\u00e4.\"><img loading=\"lazy\" decoding=\"async\" width=\"300\" height=\"300\" src=\"https:\/\/eeefc.eu\/wp-content\/uploads\/2022\/04\/2022_World_health_-Day-300x300.jpg\" class=\"attachment-flash-square size-flash-square wp-post-image\" alt=\"\" srcset=\"https:\/\/eeefc.eu\/wp-content\/uploads\/2022\/04\/2022_World_health_-Day-300x300.jpg 300w, https:\/\/eeefc.eu\/wp-content\/uploads\/2022\/04\/2022_World_health_-Day-150x150.jpg 150w\" sizes=\"auto, (max-width: 300px) 100vw, 300px\" \/><\/a><\/figure>\t\t<\/div>\n\t\t<div class=\"blog-content\">\n\t\t\t<h3 class=\"entry-title\"><a href=\"https:\/\/eeefc.eu\/fi\/2022\/04\/08\/tanaan-torstaina-7-huhtikuuta-2022-on-maailman-terveyspaiva\/\">T\u00e4n\u00e4\u00e4n torstaina 7. huhtikuuta 2022 on WHO:n maailman terveysp\u00e4iv\u00e4.<\/a><\/h3>\n\t\t\t\t\t\t<div class=\"entry-meta\">\n\t\t\t\t<span class=\"entry-date\">\n\t\t\t\t\t<i class=\"fa fa-clock-o\"><\/i><a href=\"https:\/\/eeefc.eu\/fi\/2022\/04\/08\/tanaan-torstaina-7-huhtikuuta-2022-on-maailman-terveyspaiva\/\" rel=\"bookmark\">8 de huhtikuu de 2022<\/a>\n\t\t\t\t<\/span>\n\t\t\t\t<span class=\"entry-author\">\n\t\t\t\t\t<i class=\"fa fa-user\"><\/i><a class=\"url fn n\" href=\"https:\/\/eeefc.eu\/fi\/author\/eeefc\/\">eeefc<\/a>\n\t\t\t\t<\/span>\n\t\t\t<\/div>\n\t\t\t\t\t\t<div class=\"entry-summary\">\n\t\t\t\t<p>T\u00e4n\u00e4\u00e4n torstaina 7. huhtikuuta 2022 on WHO:n Maailman terveysp\u00e4iv\u00e4. T\u00e4n\u00e4 vuonna WHO keskittyy edist\u00e4m\u00e4\u00e4n liikett\u00e4 [...]<\/p>\n\t\t\t<\/div>\n\t\t\t\t\t<\/div>\n\t<\/div>\n\t\t<div class=\"tg-blog-widget tg-column-2\">\n\t\t\t\t<div class=\"post-image\">\n\t\t\t<figure><a href=\"https:\/\/eeefc.eu\/fi\/2022\/03\/28\/tutkimus\/\" title=\"Tutkimus\"><img loading=\"lazy\" decoding=\"async\" width=\"300\" height=\"300\" src=\"https:\/\/eeefc.eu\/wp-content\/uploads\/2022\/03\/Destacada_Research-300x300.png\" class=\"attachment-flash-square size-flash-square wp-post-image\" alt=\"\" srcset=\"https:\/\/eeefc.eu\/wp-content\/uploads\/2022\/03\/Destacada_Research.png 300w, https:\/\/eeefc.eu\/wp-content\/uploads\/2022\/03\/Destacada_Research-150x150.png 150w, https:\/\/eeefc.eu\/wp-content\/uploads\/2022\/03\/Destacada_Research-100x100.png 100w\" sizes=\"auto, (max-width: 300px) 100vw, 300px\" \/><\/a><\/figure>\t\t<\/div>\n\t\t<div class=\"blog-content\">\n\t\t\t<h3 class=\"entry-title\"><a href=\"https:\/\/eeefc.eu\/fi\/2022\/03\/28\/tutkimus\/\">Tutkimus<\/a><\/h3>\n\t\t\t\t\t\t<div class=\"entry-meta\">\n\t\t\t\t<span class=\"entry-date\">\n\t\t\t\t\t<i class=\"fa fa-clock-o\"><\/i><a href=\"https:\/\/eeefc.eu\/fi\/2022\/03\/28\/tutkimus\/\" rel=\"bookmark\">28 maaliskuu 2022<\/a>\n\t\t\t\t<\/span>\n\t\t\t\t<span class=\"entry-author\">\n\t\t\t\t\t<i class=\"fa fa-user\"><\/i><a class=\"url fn n\" href=\"https:\/\/eeefc.eu\/fi\/author\/eeefc\/\">eeefc<\/a>\n\t\t\t\t<\/span>\n\t\t\t<\/div>\n\t\t\t\t\t\t<div class=\"entry-summary\">\n\t\t\t\t<p>Hankkeen tutkimustavoitteet<\/p>\n\t\t\t<\/div>\n\t\t\t\t\t<\/div>\n\t<\/div>\n\t\t<\/div>\n\t\t\t<div class=\"row\">\n\t\t<div class=\"tg-blog-widget tg-column-2\">\n\t\t\t\t<div class=\"post-image\">\n\t\t\t<figure><a href=\"https:\/\/eeefc.eu\/fi\/2022\/03\/28\/kumppanuus\/\" title=\"Kumppanuus\"><img loading=\"lazy\" decoding=\"async\" width=\"300\" height=\"300\" src=\"https:\/\/eeefc.eu\/wp-content\/uploads\/2022\/03\/Destacada_Partnership1-300x300.png\" class=\"attachment-flash-square size-flash-square wp-post-image\" alt=\"\" srcset=\"https:\/\/eeefc.eu\/wp-content\/uploads\/2022\/03\/Destacada_Partnership1.png 300w, https:\/\/eeefc.eu\/wp-content\/uploads\/2022\/03\/Destacada_Partnership1-150x150.png 150w, https:\/\/eeefc.eu\/wp-content\/uploads\/2022\/03\/Destacada_Partnership1-100x100.png 100w\" sizes=\"auto, (max-width: 300px) 100vw, 300px\" \/><\/a><\/figure>\t\t<\/div>\n\t\t<div class=\"blog-content\">\n\t\t\t<h3 class=\"entry-title\"><a href=\"https:\/\/eeefc.eu\/fi\/2022\/03\/28\/kumppanuus\/\">Kumppanuus<\/a><\/h3>\n\t\t\t\t\t\t<div class=\"entry-meta\">\n\t\t\t\t<span class=\"entry-date\">\n\t\t\t\t\t<i class=\"fa fa-clock-o\"><\/i><a href=\"https:\/\/eeefc.eu\/fi\/2022\/03\/28\/kumppanuus\/\" rel=\"bookmark\">28 maaliskuu 2022<\/a>\n\t\t\t\t<\/span>\n\t\t\t\t<span class=\"entry-author\">\n\t\t\t\t\t<i class=\"fa fa-user\"><\/i><a class=\"url fn n\" href=\"https:\/\/eeefc.eu\/fi\/author\/eeefc\/\">eeefc<\/a>\n\t\t\t\t<\/span>\n\t\t\t<\/div>\n\t\t\t\t\t\t<div class=\"entry-summary\">\n\t\t\t\t<p>Kumppanuuden ehdoilla ty\u00f6skentely<\/p>\n\t\t\t<\/div>\n\t\t\t\t\t<\/div>\n\t<\/div>\n\t\t<div class=\"tg-blog-widget tg-column-2\">\n\t\t\t\t<div class=\"post-image\">\n\t\t\t<figure><a href=\"https:\/\/eeefc.eu\/fi\/2022\/03\/28\/aloitetaan\/\" title=\"Kick Off\"><img loading=\"lazy\" decoding=\"async\" width=\"300\" height=\"300\" src=\"https:\/\/eeefc.eu\/wp-content\/uploads\/2022\/03\/LiamLeader1-300x300.png\" class=\"attachment-flash-square size-flash-square wp-post-image\" alt=\"\" srcset=\"https:\/\/eeefc.eu\/wp-content\/uploads\/2022\/03\/LiamLeader1-300x300.png 300w, https:\/\/eeefc.eu\/wp-content\/uploads\/2022\/03\/LiamLeader1-150x150.png 150w, https:\/\/eeefc.eu\/wp-content\/uploads\/2022\/03\/LiamLeader1-100x100.png 100w\" sizes=\"auto, (max-width: 300px) 100vw, 300px\" \/><\/a><\/figure>\t\t<\/div>\n\t\t<div class=\"blog-content\">\n\t\t\t<h3 class=\"entry-title\"><a href=\"https:\/\/eeefc.eu\/fi\/2022\/03\/28\/aloitetaan\/\">Kick Off<\/a><\/h3>\n\t\t\t\t\t\t<div class=\"entry-meta\">\n\t\t\t\t<span class=\"entry-date\">\n\t\t\t\t\t<i class=\"fa fa-clock-o\"><\/i><a href=\"https:\/\/eeefc.eu\/fi\/2022\/03\/28\/aloitetaan\/\" rel=\"bookmark\">28 maaliskuu 2022<\/a>\n\t\t\t\t<\/span>\n\t\t\t\t<span class=\"entry-author\">\n\t\t\t\t\t<i class=\"fa fa-user\"><\/i><a class=\"url fn n\" href=\"https:\/\/eeefc.eu\/fi\/author\/eeefc\/\">eeefc<\/a>\n\t\t\t\t<\/span>\n\t\t\t<\/div>\n\t\t\t\t\t\t<div class=\"entry-summary\">\n\t\t\t\t<p>Maaliskuun 8. p\u00e4iv\u00e4n\u00e4 2022 Dublinin kaupungin yliopistossa j\u00e4rjestettiin EEEFCom-hankkeen Kick Off -tapahtuma, jossa ensimm\u00e4ist\u00e4 kertaa [...]<\/p>\n\t\t\t<\/div>\n\t\t\t\t\t<\/div>\n\t<\/div>\n\t\t<\/div>\n\t<\/div><!-- .blog-wrapper -->\n<\/div><\/div><\/div><\/div><\/div><\/div>\n\n\n\n<p><\/p>","protected":false},"excerpt":{"rendered":"","protected":false},"author":1,"featured_media":0,"parent":0,"menu_order":0,"comment_status":"closed","ping_status":"closed","template":"page-templates\/pagebuilder.php","meta":{"om_disable_all_campaigns":false,"_monsterinsights_skip_tracking":false,"_monsterinsights_sitenote_active":false,"_monsterinsights_sitenote_note":"","_monsterinsights_sitenote_category":0,"footnotes":""},"class_list":["post-910","page","type-page","status-publish","hentry"],"aioseo_notices":[],"_links":{"self":[{"href":"https:\/\/eeefc.eu\/fi\/wp-json\/wp\/v2\/pages\/910","targetHints":{"allow":["GET"]}}],"collection":[{"href":"https:\/\/eeefc.eu\/fi\/wp-json\/wp\/v2\/pages"}],"about":[{"href":"https:\/\/eeefc.eu\/fi\/wp-json\/wp\/v2\/types\/page"}],"author":[{"embeddable":true,"href":"https:\/\/eeefc.eu\/fi\/wp-json\/wp\/v2\/users\/1"}],"replies":[{"embeddable":true,"href":"https:\/\/eeefc.eu\/fi\/wp-json\/wp\/v2\/comments?post=910"}],"version-history":[{"count":8,"href":"https:\/\/eeefc.eu\/fi\/wp-json\/wp\/v2\/pages\/910\/revisions"}],"predecessor-version":[{"id":2289,"href":"https:\/\/eeefc.eu\/fi\/wp-json\/wp\/v2\/pages\/910\/revisions\/2289"}],"wp:attachment":[{"href":"https:\/\/eeefc.eu\/fi\/wp-json\/wp\/v2\/media?parent=910"}],"curies":[{"name":"wp","href":"https:\/\/api.w.org\/{rel}","templated":true}]}}